{"id":2127,"date":"2022-06-16T09:49:27","date_gmt":"2022-06-16T08:49:27","guid":{"rendered":"http:\/\/pffs.de\/?page_id=2127"},"modified":"2024-09-16T14:18:22","modified_gmt":"2024-09-16T13:18:22","slug":"holzland-ralley-ausfahrt-am-14-juni-2022","status":"publish","type":"page","link":"https:\/\/pffs.de\/?page_id=2127","title":{"rendered":"Holzland Ralley 14. Juni 2022"},"content":{"rendered":"\n<p>Hallo Freunde, unsere gemeinsame Ausfahrt ins Holzland rund um Buch am Erlbach hat richtig Lust auf mehr gemacht.<\/p>\n\n\n\n<p>Mit insgesamt 8 Autos waren wir unterwegs. Vom 2,4 Targa aus 1973 bis zum fast ganz neuen Porsche Turbo waren mehrere Generationen am Start. <\/p>\n\n\n\n<p>Unsere Strecke:<\/p>\n\n\n\n<p>\u00fcber Moosburg, Buch, Vilsheim, Velden, Geisenhausen, und dann \u00fcber Moosburg, Berglern und Gaden zur\u00fcck nach Attaching. <\/p>\n\n\n\n<p>Im Anschluss daran trafen wir uns wie  immer zum Stammtisch in der Sportgastst\u00e4tte Attaching.<\/p>\n\n\n\n<figure class=\"wp-block-gallery has-nested-images columns-default is-cropped wp-block-gallery-1 is-layout-flex wp-block-gallery-is-layout-flex\">\n<figure class=\"wp-block-image size-large\"><img loading=\"lazy\" decoding=\"async\" width=\"1024\" height=\"768\" data-id=\"2129\" src=\"http:\/\/pffs.de\/wp-content\/uploads\/2022\/06\/64A8FD93-7482-467D-AF4A-D2CEDA009743-1024x768.jpeg\" alt=\"\" class=\"wp-image-2129\" srcset=\"https:\/\/pffs.de\/wp-content\/uploads\/2022\/06\/64A8FD93-7482-467D-AF4A-D2CEDA009743-1024x768.jpeg 1024w, https:\/\/pffs.de\/wp-content\/uploads\/2022\/06\/64A8FD93-7482-467D-AF4A-D2CEDA009743-300x225.jpeg 300w, https:\/\/pffs.de\/wp-content\/uploads\/2022\/06\/64A8FD93-7482-467D-AF4A-D2CEDA009743-768x576.jpeg 768w, https:\/\/pffs.de\/wp-content\/uploads\/2022\/06\/64A8FD93-7482-467D-AF4A-D2CEDA009743-1536x1152.jpeg 1536w, https:\/\/pffs.de\/wp-content\/uploads\/2022\/06\/64A8FD93-7482-467D-AF4A-D2CEDA009743-2048x1536.jpeg 2048w\" sizes=\"(max-width: 767px) 89vw, (max-width: 1000px) 54vw, (max-width: 1071px) 543px, 580px\" \/><\/figure>\n\n\n\n<figure class=\"wp-block-image size-large\"><img loading=\"lazy\" decoding=\"async\" width=\"1024\" height=\"768\" data-id=\"2131\" src=\"http:\/\/pffs.de\/wp-content\/uploads\/2022\/06\/B33932E9-CF6E-4EFC-98A3-E64E3A999754-1024x768.jpeg\" alt=\"\" class=\"wp-image-2131\" srcset=\"https:\/\/pffs.de\/wp-content\/uploads\/2022\/06\/B33932E9-CF6E-4EFC-98A3-E64E3A999754-1024x768.jpeg 1024w, https:\/\/pffs.de\/wp-content\/uploads\/2022\/06\/B33932E9-CF6E-4EFC-98A3-E64E3A999754-300x225.jpeg 300w, https:\/\/pffs.de\/wp-content\/uploads\/2022\/06\/B33932E9-CF6E-4EFC-98A3-E64E3A999754-768x576.jpeg 768w, https:\/\/pffs.de\/wp-content\/uploads\/2022\/06\/B33932E9-CF6E-4EFC-98A3-E64E3A999754-1536x1152.jpeg 1536w, https:\/\/pffs.de\/wp-content\/uploads\/2022\/06\/B33932E9-CF6E-4EFC-98A3-E64E3A999754-2048x1536.jpeg 2048w\" sizes=\"(max-width: 767px) 89vw, (max-width: 1000px) 54vw, (max-width: 1071px) 543px, 580px\" \/><\/figure>\n\n\n\n<figure class=\"wp-block-image size-large\"><img loading=\"lazy\" decoding=\"async\" width=\"1024\" height=\"768\" data-id=\"2132\" src=\"http:\/\/pffs.de\/wp-content\/uploads\/2022\/06\/2BACF37F-8F70-4D8D-B5F7-321CFA7CE248-1024x768.jpeg\" alt=\"\" class=\"wp-image-2132\" srcset=\"https:\/\/pffs.de\/wp-content\/uploads\/2022\/06\/2BACF37F-8F70-4D8D-B5F7-321CFA7CE248-1024x768.jpeg 1024w, https:\/\/pffs.de\/wp-content\/uploads\/2022\/06\/2BACF37F-8F70-4D8D-B5F7-321CFA7CE248-300x225.jpeg 300w, https:\/\/pffs.de\/wp-content\/uploads\/2022\/06\/2BACF37F-8F70-4D8D-B5F7-321CFA7CE248-768x576.jpeg 768w, https:\/\/pffs.de\/wp-content\/uploads\/2022\/06\/2BACF37F-8F70-4D8D-B5F7-321CFA7CE248-1536x1152.jpeg 1536w, https:\/\/pffs.de\/wp-content\/uploads\/2022\/06\/2BACF37F-8F70-4D8D-B5F7-321CFA7CE248-2048x1536.jpeg 2048w\" sizes=\"(max-width: 767px) 89vw, (max-width: 1000px) 54vw, (max-width: 1071px) 543px, 580px\" \/><\/figure>\n\n\n\n<figure class=\"wp-block-image size-large\"><img loading=\"lazy\" decoding=\"async\" width=\"1024\" height=\"768\" data-id=\"2133\" src=\"http:\/\/pffs.de\/wp-content\/uploads\/2022\/06\/B18EFCB7-19C3-4C6E-9BB6-20DD59113DD1-1024x768.jpeg\" alt=\"\" class=\"wp-image-2133\" srcset=\"https:\/\/pffs.de\/wp-content\/uploads\/2022\/06\/B18EFCB7-19C3-4C6E-9BB6-20DD59113DD1-1024x768.jpeg 1024w, https:\/\/pffs.de\/wp-content\/uploads\/2022\/06\/B18EFCB7-19C3-4C6E-9BB6-20DD59113DD1-300x225.jpeg 300w, https:\/\/pffs.de\/wp-content\/uploads\/2022\/06\/B18EFCB7-19C3-4C6E-9BB6-20DD59113DD1-768x576.jpeg 768w, https:\/\/pffs.de\/wp-content\/uploads\/2022\/06\/B18EFCB7-19C3-4C6E-9BB6-20DD59113DD1-1536x1152.jpeg 1536w, https:\/\/pffs.de\/wp-content\/uploads\/2022\/06\/B18EFCB7-19C3-4C6E-9BB6-20DD59113DD1-2048x1536.jpeg 2048w\" sizes=\"(max-width: 767px) 89vw, (max-width: 1000px) 54vw, (max-width: 1071px) 543px, 580px\" \/><\/figure>\n\n\n\n<figure class=\"wp-block-image size-large\"><img loading=\"lazy\" decoding=\"async\" width=\"768\" height=\"1024\" data-id=\"2130\" src=\"http:\/\/pffs.de\/wp-content\/uploads\/2022\/06\/C935CD17-AED6-4814-BE94-FCD10DF81227-768x1024.jpeg\" alt=\"\" class=\"wp-image-2130\" srcset=\"https:\/\/pffs.de\/wp-content\/uploads\/2022\/06\/C935CD17-AED6-4814-BE94-FCD10DF81227-768x1024.jpeg 768w, https:\/\/pffs.de\/wp-content\/uploads\/2022\/06\/C935CD17-AED6-4814-BE94-FCD10DF81227-225x300.jpeg 225w, https:\/\/pffs.de\/wp-content\/uploads\/2022\/06\/C935CD17-AED6-4814-BE94-FCD10DF81227-1152x1536.jpeg 1152w, https:\/\/pffs.de\/wp-content\/uploads\/2022\/06\/C935CD17-AED6-4814-BE94-FCD10DF81227-1536x2048.jpeg 1536w, https:\/\/pffs.de\/wp-content\/uploads\/2022\/06\/C935CD17-AED6-4814-BE94-FCD10DF81227-scaled.jpeg 1920w\" sizes=\"(max-width: 767px) 89vw, (max-width: 1000px) 54vw, (max-width: 1071px) 543px, 580px\" \/><\/figure>\n\n\n\n<figure class=\"wp-block-image size-large\"><img loading=\"lazy\" decoding=\"async\" width=\"487\" height=\"1024\" data-id=\"2128\" src=\"http:\/\/pffs.de\/wp-content\/uploads\/2022\/06\/62113D8F-9B88-4035-9F62-56D5E811F9E2-487x1024.jpeg\" alt=\"\" class=\"wp-image-2128\" srcset=\"https:\/\/pffs.de\/wp-content\/uploads\/2022\/06\/62113D8F-9B88-4035-9F62-56D5E811F9E2-487x1024.jpeg 487w, https:\/\/pffs.de\/wp-content\/uploads\/2022\/06\/62113D8F-9B88-4035-9F62-56D5E811F9E2-143x300.jpeg 143w, https:\/\/pffs.de\/wp-content\/uploads\/2022\/06\/62113D8F-9B88-4035-9F62-56D5E811F9E2-731x1536.jpeg 731w, https:\/\/pffs.de\/wp-content\/uploads\/2022\/06\/62113D8F-9B88-4035-9F62-56D5E811F9E2.jpeg 761w\" sizes=\"(max-width: 487px) 100vw, 487px\" \/><\/figure>\n<\/figure>\n","protected":false},"excerpt":{"rendered":"<p>Hallo Freunde, unsere gemeinsame Ausfahrt ins Holzland rund um Buch am Erlbach hat richtig Lust auf mehr gemacht. Mit insgesamt 8 Autos waren wir unterwegs. Vom 2,4 Targa aus 1973 bis zum fast ganz neuen Porsche Turbo waren mehrere Generationen am Start. Unsere Strecke: \u00fcber Moosburg, Buch, Vilsheim, Velden, Geisenhausen, und dann \u00fcber Moosburg, Berglern &hellip; <\/p>\n<p class=\"link-more\"><a href=\"https:\/\/pffs.de\/?page_id=2127\" class=\"more-link\"><span class=\"screen-reader-text\">\u201eHolzland Ralley 14. Juni 2022\u201c<\/span> weiterlesen<\/a><\/p>\n","protected":false},"author":3,"featured_media":0,"parent":0,"menu_order":0,"comment_status":"closed","ping_status":"closed","template":"","meta":{"footnotes":""},"yoast_head":"<!-- This site is optimized with the Yoast SEO plugin v23.5 - https:\/\/yoast.com\/wordpress\/plugins\/seo\/ -->\n<title>Holzland Ralley 14. Juni 2022 - Porsche Freunde Freising<\/title>\n<meta name=\"robots\" content=\"index, follow, max-snippet:-1, max-image-preview:large, max-video-preview:-1\" \/>\n<link rel=\"canonical\" href=\"https:\/\/pffs.de\/?page_id=2127\" \/>\n<meta property=\"og:locale\" content=\"de_DE\" \/>\n<meta property=\"og:type\" content=\"article\" \/>\n<meta property=\"og:title\" content=\"Holzland Ralley 14. Juni 2022 - Porsche Freunde Freising\" \/>\n<meta property=\"og:description\" content=\"Hallo Freunde, unsere gemeinsame Ausfahrt ins Holzland rund um Buch am Erlbach hat richtig Lust auf mehr gemacht. Mit insgesamt 8 Autos waren wir unterwegs. Vom 2,4 Targa aus 1973 bis zum fast ganz neuen Porsche Turbo waren mehrere Generationen am Start. Unsere Strecke: \u00fcber Moosburg, Buch, Vilsheim, Velden, Geisenhausen, und dann \u00fcber Moosburg, Berglern &hellip; \u201eHolzland Ralley 14. Juni 2022\u201c weiterlesen\" \/>\n<meta property=\"og:url\" content=\"https:\/\/pffs.de\/?page_id=2127\" \/>\n<meta property=\"og:site_name\" content=\"Porsche Freunde Freising\" \/>\n<meta property=\"article:modified_time\" content=\"2024-09-16T13:18:22+00:00\" \/>\n<meta property=\"og:image\" content=\"http:\/\/pffs.de\/wp-content\/uploads\/2022\/06\/64A8FD93-7482-467D-AF4A-D2CEDA009743-1024x768.jpeg\" \/>\n<meta name=\"twitter:card\" content=\"summary_large_image\" \/>\n<meta name=\"twitter:label1\" content=\"Gesch\u00e4tzte Lesezeit\" \/>\n\t<meta name=\"twitter:data1\" content=\"2\u00a0Minuten\" \/>\n<script type=\"application\/ld+json\" class=\"yoast-schema-graph\">{\"@context\":\"https:\/\/schema.org\",\"@graph\":[{\"@type\":\"WebPage\",\"@id\":\"https:\/\/pffs.de\/?page_id=2127\",\"url\":\"https:\/\/pffs.de\/?page_id=2127\",\"name\":\"Holzland Ralley 14. Juni 2022 - Porsche Freunde Freising\",\"isPartOf\":{\"@id\":\"http:\/\/pffs.de\/#website\"},\"primaryImageOfPage\":{\"@id\":\"https:\/\/pffs.de\/?page_id=2127#primaryimage\"},\"image\":{\"@id\":\"https:\/\/pffs.de\/?page_id=2127#primaryimage\"},\"thumbnailUrl\":\"http:\/\/pffs.de\/wp-content\/uploads\/2022\/06\/64A8FD93-7482-467D-AF4A-D2CEDA009743-1024x768.jpeg\",\"datePublished\":\"2022-06-16T08:49:27+00:00\",\"dateModified\":\"2024-09-16T13:18:22+00:00\",\"breadcrumb\":{\"@id\":\"https:\/\/pffs.de\/?page_id=2127#breadcrumb\"},\"inLanguage\":\"de\",\"potentialAction\":[{\"@type\":\"ReadAction\",\"target\":[\"https:\/\/pffs.de\/?page_id=2127\"]}]},{\"@type\":\"ImageObject\",\"inLanguage\":\"de\",\"@id\":\"https:\/\/pffs.de\/?page_id=2127#primaryimage\",\"url\":\"https:\/\/pffs.de\/wp-content\/uploads\/2022\/06\/64A8FD93-7482-467D-AF4A-D2CEDA009743-scaled.jpeg\",\"contentUrl\":\"https:\/\/pffs.de\/wp-content\/uploads\/2022\/06\/64A8FD93-7482-467D-AF4A-D2CEDA009743-scaled.jpeg\",\"width\":2560,\"height\":1920},{\"@type\":\"BreadcrumbList\",\"@id\":\"https:\/\/pffs.de\/?page_id=2127#breadcrumb\",\"itemListElement\":[{\"@type\":\"ListItem\",\"position\":1,\"name\":\"Startseite\",\"item\":\"http:\/\/pffs.de\/\"},{\"@type\":\"ListItem\",\"position\":2,\"name\":\"Holzland Ralley 14. Juni 2022\"}]},{\"@type\":\"WebSite\",\"@id\":\"http:\/\/pffs.de\/#website\",\"url\":\"http:\/\/pffs.de\/\",\"name\":\"Porsche Freunde Freising\",\"description\":\"Der Treff f\u00fcr den klassischen Porsche\",\"publisher\":{\"@id\":\"http:\/\/pffs.de\/#organization\"},\"potentialAction\":[{\"@type\":\"SearchAction\",\"target\":{\"@type\":\"EntryPoint\",\"urlTemplate\":\"http:\/\/pffs.de\/?s={search_term_string}\"},\"query-input\":{\"@type\":\"PropertyValueSpecification\",\"valueRequired\":true,\"valueName\":\"search_term_string\"}}],\"inLanguage\":\"de\"},{\"@type\":\"Organization\",\"@id\":\"http:\/\/pffs.de\/#organization\",\"name\":\"Porsche Freunde Freising\",\"url\":\"http:\/\/pffs.de\/\",\"logo\":{\"@type\":\"ImageObject\",\"inLanguage\":\"de\",\"@id\":\"http:\/\/pffs.de\/#\/schema\/logo\/image\/\",\"url\":\"http:\/\/pffs.de\/wp-content\/uploads\/2022\/02\/5D082450-7B00-4A88-BB9C-724D881E38DE.jpeg\",\"contentUrl\":\"http:\/\/pffs.de\/wp-content\/uploads\/2022\/02\/5D082450-7B00-4A88-BB9C-724D881E38DE.jpeg\",\"width\":1170,\"height\":1670,\"caption\":\"Porsche Freunde Freising\"},\"image\":{\"@id\":\"http:\/\/pffs.de\/#\/schema\/logo\/image\/\"}}]}<\/script>\n<!-- \/ Yoast SEO plugin. -->","yoast_head_json":{"title":"Holzland Ralley 14. Juni 2022 - Porsche Freunde Freising","robots":{"index":"index","follow":"follow","max-snippet":"max-snippet:-1","max-image-preview":"max-image-preview:large","max-video-preview":"max-video-preview:-1"},"canonical":"https:\/\/pffs.de\/?page_id=2127","og_locale":"de_DE","og_type":"article","og_title":"Holzland Ralley 14. Juni 2022 - Porsche Freunde Freising","og_description":"Hallo Freunde, unsere gemeinsame Ausfahrt ins Holzland rund um Buch am Erlbach hat richtig Lust auf mehr gemacht. Mit insgesamt 8 Autos waren wir unterwegs. Vom 2,4 Targa aus 1973 bis zum fast ganz neuen Porsche Turbo waren mehrere Generationen am Start. Unsere Strecke: \u00fcber Moosburg, Buch, Vilsheim, Velden, Geisenhausen, und dann \u00fcber Moosburg, Berglern &hellip; \u201eHolzland Ralley 14. Juni 2022\u201c weiterlesen","og_url":"https:\/\/pffs.de\/?page_id=2127","og_site_name":"Porsche Freunde Freising","article_modified_time":"2024-09-16T13:18:22+00:00","og_image":[{"url":"http:\/\/pffs.de\/wp-content\/uploads\/2022\/06\/64A8FD93-7482-467D-AF4A-D2CEDA009743-1024x768.jpeg"}],"twitter_card":"summary_large_image","twitter_misc":{"Gesch\u00e4tzte Lesezeit":"2\u00a0Minuten"},"schema":{"@context":"https:\/\/schema.org","@graph":[{"@type":"WebPage","@id":"https:\/\/pffs.de\/?page_id=2127","url":"https:\/\/pffs.de\/?page_id=2127","name":"Holzland Ralley 14. Juni 2022 - Porsche Freunde Freising","isPartOf":{"@id":"http:\/\/pffs.de\/#website"},"primaryImageOfPage":{"@id":"https:\/\/pffs.de\/?page_id=2127#primaryimage"},"image":{"@id":"https:\/\/pffs.de\/?page_id=2127#primaryimage"},"thumbnailUrl":"http:\/\/pffs.de\/wp-content\/uploads\/2022\/06\/64A8FD93-7482-467D-AF4A-D2CEDA009743-1024x768.jpeg","datePublished":"2022-06-16T08:49:27+00:00","dateModified":"2024-09-16T13:18:22+00:00","breadcrumb":{"@id":"https:\/\/pffs.de\/?page_id=2127#breadcrumb"},"inLanguage":"de","potentialAction":[{"@type":"ReadAction","target":["https:\/\/pffs.de\/?page_id=2127"]}]},{"@type":"ImageObject","inLanguage":"de","@id":"https:\/\/pffs.de\/?page_id=2127#primaryimage","url":"https:\/\/pffs.de\/wp-content\/uploads\/2022\/06\/64A8FD93-7482-467D-AF4A-D2CEDA009743-scaled.jpeg","contentUrl":"https:\/\/pffs.de\/wp-content\/uploads\/2022\/06\/64A8FD93-7482-467D-AF4A-D2CEDA009743-scaled.jpeg","width":2560,"height":1920},{"@type":"BreadcrumbList","@id":"https:\/\/pffs.de\/?page_id=2127#breadcrumb","itemListElement":[{"@type":"ListItem","position":1,"name":"Startseite","item":"http:\/\/pffs.de\/"},{"@type":"ListItem","position":2,"name":"Holzland Ralley 14. Juni 2022"}]},{"@type":"WebSite","@id":"http:\/\/pffs.de\/#website","url":"http:\/\/pffs.de\/","name":"Porsche Freunde Freising","description":"Der Treff f\u00fcr den klassischen Porsche","publisher":{"@id":"http:\/\/pffs.de\/#organization"},"potentialAction":[{"@type":"SearchAction","target":{"@type":"EntryPoint","urlTemplate":"http:\/\/pffs.de\/?s={search_term_string}"},"query-input":{"@type":"PropertyValueSpecification","valueRequired":true,"valueName":"search_term_string"}}],"inLanguage":"de"},{"@type":"Organization","@id":"http:\/\/pffs.de\/#organization","name":"Porsche Freunde Freising","url":"http:\/\/pffs.de\/","logo":{"@type":"ImageObject","inLanguage":"de","@id":"http:\/\/pffs.de\/#\/schema\/logo\/image\/","url":"http:\/\/pffs.de\/wp-content\/uploads\/2022\/02\/5D082450-7B00-4A88-BB9C-724D881E38DE.jpeg","contentUrl":"http:\/\/pffs.de\/wp-content\/uploads\/2022\/02\/5D082450-7B00-4A88-BB9C-724D881E38DE.jpeg","width":1170,"height":1670,"caption":"Porsche Freunde Freising"},"image":{"@id":"http:\/\/pffs.de\/#\/schema\/logo\/image\/"}}]}},"_links":{"self":[{"href":"https:\/\/pffs.de\/index.php?rest_route=\/wp\/v2\/pages\/2127"}],"collection":[{"href":"https:\/\/pffs.de\/index.php?rest_route=\/wp\/v2\/pages"}],"about":[{"href":"https:\/\/pffs.de\/index.php?rest_route=\/wp\/v2\/types\/page"}],"author":[{"embeddable":true,"href":"https:\/\/pffs.de\/index.php?rest_route=\/wp\/v2\/users\/3"}],"replies":[{"embeddable":true,"href":"https:\/\/pffs.de\/index.php?rest_route=%2Fwp%2Fv2%2Fcomments&post=2127"}],"version-history":[{"count":2,"href":"https:\/\/pffs.de\/index.php?rest_route=\/wp\/v2\/pages\/2127\/revisions"}],"predecessor-version":[{"id":2556,"href":"https:\/\/pffs.de\/index.php?rest_route=\/wp\/v2\/pages\/2127\/revisions\/2556"}],"wp:attachment":[{"href":"https:\/\/pffs.de\/index.php?rest_route=%2Fwp%2Fv2%2Fmedia&parent=2127"}],"curies":[{"name":"wp","href":"https:\/\/api.w.org\/{rel}","templated":true}]}}